{"id":18,"date":"2020-09-01T16:33:06","date_gmt":"2020-09-01T14:33:06","guid":{"rendered":"http:\/\/www.wsk-arbeitsrecht.com\/?page_id=18"},"modified":"2026-01-21T13:46:16","modified_gmt":"2026-01-21T12:46:16","slug":"kanzlei","status":"publish","type":"page","link":"https:\/\/www.wsk-arbeitsrecht.com\/en\/","title":{"rendered":"Wolff | Schultz | Kieferle \u2013 specialist lawyers for labor law"},"content":{"rendered":"<style type=\"text\/css\" data-created_by=\"avia_inline_auto\" id=\"style-css-av-1cmv2-a9417d435571508d91ac91852e989a67\">\n.avia-section.av-1cmv2-a9417d435571508d91ac91852e989a67{\nbackground-repeat:no-repeat;\nbackground-image:url(https:\/\/www.wsk-arbeitsrecht.com\/wp-content\/uploads\/2020\/11\/wsk-arbeitsrecht-home-full-01-1.jpg);\nbackground-position:50% 50%;\nbackground-attachment:fixed;\n}\n.avia-section.av-1cmv2-a9417d435571508d91ac91852e989a67 .av-section-color-overlay{\nopacity:0.1;\nbackground-color:#ffffff;\n}\n<\/style>\n<div id='av_section_1'  class='avia-section av-1cmv2-a9417d435571508d91ac91852e989a67 main_color avia-section-default avia-no-border-styling  avia-builder-el-0  el_before_av_section  avia-builder-el-first  anwaelte avia-full-stretch avia-bg-style-fixed av-section-color-overlay-active av-minimum-height av-minimum-height-100 av-height-100  container_wrap sidebar_right'  data-section-bg-repeat='stretch' data-av_minimum_height_pc='100' data-av_min_height_opt='100'><div class=\"av-section-color-overlay-wrap\"><div class=\"av-section-color-overlay\"><\/div><a href='#next-section' title='' class='scroll-down-link  avia-svg-icon avia-font-svg_entypo-fontello' data-av_svg_icon='down-open-mini' data-av_iconset='svg_entypo-fontello'><svg version=\"1.1\" xmlns=\"http:\/\/www.w3.org\/2000\/svg\" width=\"15\" height=\"32\" viewbox=\"0 0 15 32\" preserveaspectratio=\"xMidYMid meet\" aria-labelledby='av-svg-title-1' aria-describedby='av-svg-desc-1' role=\"graphics-symbol\" aria-hidden=\"true\">\n<title id='av-svg-title-1'>Scroll to next section<\/title>\n<desc id='av-svg-desc-1'>Scroll to next section<\/desc>\n<path d=\"M12.96 12.16q0.704-0.832 1.536 0 0.832 0.704 0 1.536l-6.272 6.144q-0.704 0.704-1.536 0l-6.272-6.144q-0.832-0.832 0-1.536 0.768-0.768 1.6 0l5.44 4.992z\"><\/path>\n<\/svg><\/a><div class='container av-section-cont-open' ><main  role=\"main\" itemprop=\"mainContentOfPage\"  class='template-page content  av-content-small alpha units'><div class='post-entry post-entry-type-page post-entry-18'><div class='entry-content-wrapper clearfix'>\n\n<style type=\"text\/css\" data-created_by=\"avia_inline_auto\" id=\"style-css-av-1uojy-905521af67acfbe6f81718cdd422aa17\">\n.flex_column.av-1uojy-905521af67acfbe6f81718cdd422aa17{\nborder-radius:0px 0px 0px 0px;\npadding:20px 20px 20px 20px;\nbackground-color:#ffffff;\n}\n<\/style>\n<div  class='flex_column av-1uojy-905521af67acfbe6f81718cdd422aa17 av_three_fourth  avia-builder-el-1  el_before_av_one_fourth  avia-builder-el-first  first flex_column_div'     ><p><br \/>\n\n<style type=\"text\/css\" data-created_by=\"avia_inline_auto\" id=\"style-css-av-t7pm-a2374894bdf7500ae16336c2ab7dd2da\">\n#top .hr.hr-invisible.av-t7pm-a2374894bdf7500ae16336c2ab7dd2da{\nheight:20px;\n}\n<\/style>\n<div  class='hr av-t7pm-a2374894bdf7500ae16336c2ab7dd2da hr-invisible  avia-builder-el-3  el_after_av_image  el_before_av_textblock'><span class='hr-inner'><span class=\"hr-inner-style\"><\/span><\/span><\/div><br \/>\n<section  class='av_textblock_section av-kf0w4iw2-193c301b412393dc7dcb8f074ee9aba6'   itemscope=\"itemscope\" itemtype=\"https:\/\/schema.org\/CreativeWork\" ><div class='avia_textblock'  itemprop=\"text\" ><blockquote>\n<h1>Personally. Strategically. Assertive.<\/h1>\n<\/blockquote>\n<\/div><\/section><br \/>\n\n<style type=\"text\/css\" data-created_by=\"avia_inline_auto\" id=\"style-css-av-kf0w4z9j-805fe7941351bf3bac4b7dc908a3a7b3\">\n#top .hr.hr-invisible.av-kf0w4z9j-805fe7941351bf3bac4b7dc908a3a7b3{\nheight:10px;\n}\n<\/style>\n<div  class='hr av-kf0w4z9j-805fe7941351bf3bac4b7dc908a3a7b3 hr-invisible  avia-builder-el-5  el_after_av_textblock  el_before_av_textblock'><span class='hr-inner'><span class=\"hr-inner-style\"><\/span><\/span><\/div><br \/>\n<section  class='av_textblock_section av-13y7i-700f9d119ea657eeeb02e43a5300fd27'   itemscope=\"itemscope\" itemtype=\"https:\/\/schema.org\/CreativeWork\" ><div class='avia_textblock'  itemprop=\"text\" ><p><a href=\"https:\/\/www.wsk-arbeitsrecht.com\/wp-content\/uploads\/2021\/10\/wolff-schultze-kieferle-top-kanzlei-wiwo-logo-svg-01.svg\"><img loading=\"lazy\" decoding=\"async\" class=\"alignleft wp-image-3162\" src=\"https:\/\/www.wsk-arbeitsrecht.com\/wp-content\/uploads\/2021\/10\/wolff-schultze-kieferle-top-kanzlei-wiwo-logo-svg-01.svg\" alt=\"\" width=\"106\" height=\"162\" \/><\/a>Wir sind eine auf das Arbeitsrecht hochspezialisierte Kanzlei mit Sitz in M\u00fcnchen. Schwerpunkt unserer T\u00e4tigkeit ist die Beratung und Vertretung \u00f6ffentlicher und privater Unternehmen sowie von Vorst\u00e4nden, Gesch\u00e4ftsf\u00fchrern und F\u00fchrungskr\u00e4ften.<\/p>\n<p>Als seit vielen Jahren ausschlie\u00dflich im Arbeitsrecht t\u00e4tige Fachanw\u00e4lte verf\u00fcgen wir \u00fcber umfassende Erfahrung und eine ausgewiesene arbeitsrechtliche Expertise. In Fachpublikationen wie dem \u201c<em>JUVE-Handbuch<\/em>\u201d und \u201c<em>Law firms in Germany<\/em>\u201d werden wir seit Jahren als renommierte Kanzlei f\u00fcr Arbeitsrecht gef\u00fchrt. Dar\u00fcber hinaus sind wir auch im Jahr 2025 in den einschl\u00e4gigen Anwaltsrankings von <em>FOCUS Spezia<\/em>l, <em>Economy week<\/em>, <em>STAR<\/em>,\u00a0<em>brand eins, Handelsblatt<\/em>\u00a0and\u00a0<em>Best Lawyers<\/em>\u00a0wieder\u00a0als eine der bundesweit f\u00fchrenden Kanzleien f\u00fcr Arbeitsrecht ausgezeichnet.<\/p>\n<\/div><\/section><br \/>\n\n<style type=\"text\/css\" data-created_by=\"avia_inline_auto\" id=\"style-css-av-kf0w4z9j-5-7004c22132c9874fce20459c5ef6ebf8\">\n#top .hr.hr-invisible.av-kf0w4z9j-5-7004c22132c9874fce20459c5ef6ebf8{\nheight:30px;\n}\n<\/style>\n<div  class='hr av-kf0w4z9j-5-7004c22132c9874fce20459c5ef6ebf8 hr-invisible  avia-builder-el-7  el_after_av_textblock  el_before_av_buttonrow'><span class='hr-inner'><span class=\"hr-inner-style\"><\/span><\/span><\/div><br \/>\n<div  class='avia-buttonrow-wrap av-kf0w81jo-589a290aa6adb97ba7531e4ce0ea3c33 avia-buttonrow-center  avia-builder-el-8  el_after_av_hr  avia-builder-el-last'>\n\n<style type=\"text\/css\" data-created_by=\"avia_inline_auto\" id=\"style-css-av-15dd6-0b749f159d6b5b92885e6279b820ff26\">\n#top #wrap_all .avia-button.av-15dd6-0b749f159d6b5b92885e6279b820ff26{\nbackground-color:#474c54;\nborder-color:#474c54;\ntransition:all 0.4s ease-in-out;\nmargin-bottom:8px;\nmargin-right:4px;\nmargin-left:4px;\n}\n#top #wrap_all .avia-button.av-15dd6-0b749f159d6b5b92885e6279b820ff26:hover{\nbackground-color:#a8b614;\ncolor:#ffffff;\ntransition:all 0.4s ease-in-out;\n}\n#top #wrap_all .avia-button.av-15dd6-0b749f159d6b5b92885e6279b820ff26:hover .avia-svg-icon svg:first-child{\nfill:#ffffff;\nstroke:#ffffff;\n}\n<\/style>\n<a href='https:\/\/www.wsk-arbeitsrecht.com\/en\/leistungen\/'  class='avia-button av-15dd6-0b749f159d6b5b92885e6279b820ff26 avia-icon_select-no avia-size-medium avia-font-color-theme-color'   aria-label=\"Services\"><span class='avia_iconbox_title' >Services<\/span><\/a>\n\n<style type=\"text\/css\" data-created_by=\"avia_inline_auto\" id=\"style-css-av-15n8q-f4c4d2765c181b0b8cd6b29d64b0ebaf\">\n#top #wrap_all .avia-button.av-15n8q-f4c4d2765c181b0b8cd6b29d64b0ebaf{\nbackground-color:#474c54;\nborder-color:#474c54;\ntransition:all 0.4s ease-in-out;\nmargin-bottom:8px;\nmargin-right:4px;\nmargin-left:4px;\n}\n#top #wrap_all .avia-button.av-15n8q-f4c4d2765c181b0b8cd6b29d64b0ebaf:hover{\nbackground-color:#a8b614;\ncolor:#ffffff;\ntransition:all 0.4s ease-in-out;\n}\n#top #wrap_all .avia-button.av-15n8q-f4c4d2765c181b0b8cd6b29d64b0ebaf:hover .avia-svg-icon svg:first-child{\nfill:#ffffff;\nstroke:#ffffff;\n}\n<\/style>\n<a href='https:\/\/www.wsk-arbeitsrecht.com\/en\/anwaelte\/'  class='avia-button av-15n8q-f4c4d2765c181b0b8cd6b29d64b0ebaf avia-icon_select-no avia-size-medium avia-font-color-theme-color'   aria-label=\"Lawyers\"><span class='avia_iconbox_title' >Lawyers<\/span><\/a>\n<\/div><\/p><\/div>\n<style type=\"text\/css\" data-created_by=\"avia_inline_auto\" id=\"style-css-av-tsuq-c3fbacbb68b7f787cddccf2b57cc78ef\">\n.flex_column.av-tsuq-c3fbacbb68b7f787cddccf2b57cc78ef{\nborder-radius:0px 0px 0px 0px;\npadding:0px 0px 0px 0px;\n}\n<\/style>\n<div  class='flex_column av-tsuq-c3fbacbb68b7f787cddccf2b57cc78ef av_one_fourth  avia-builder-el-9  el_after_av_three_fourth  avia-builder-el-last  flex_column_div av-zero-column-padding'     ><\/div><\/div><\/div><\/main><!-- close content main element --><\/div><\/div><\/div><div id='av_section_2'  class='avia-section av-1feh6-dea698c13bcf8224129cc852ae78ad48 main_color avia-section-default avia-no-border-styling  avia-builder-el-10  el_after_av_section  el_before_av_section  avia-bg-style-scroll container_wrap sidebar_right'  ><div class='container av-section-cont-open' ><div class='template-page content  av-content-small alpha units'><div class='post-entry post-entry-type-page post-entry-18'><div class='entry-content-wrapper clearfix'>\n\n<style type=\"text\/css\" data-created_by=\"avia_inline_auto\" id=\"style-css-av-2gle-218318fc3ed98c6034567667640c1044\">\n.flex_column.av-2gle-218318fc3ed98c6034567667640c1044{\nborder-radius:0px 0px 0px 0px;\npadding:0px 0px 0px 0px;\n}\n<\/style>\n<div  class='flex_column av-2gle-218318fc3ed98c6034567667640c1044 av_one_half  avia-builder-el-11  el_before_av_one_half  avia-builder-el-first  first flex_column_div av-zero-column-padding'     ><section  class='av_textblock_section av-kf0w4iw2-6-30cb6062415c59736f340f8e04bd98e2'   itemscope=\"itemscope\" itemtype=\"https:\/\/schema.org\/CreativeWork\" ><div class='avia_textblock'  itemprop=\"text\" ><blockquote>\n<h2>How we work<\/h2>\n<\/blockquote>\n<\/div><\/section><br \/>\n<section  class='av_textblock_section av-13y7i-4-9baccf5fda7ea69a1b64a7a779ff7aef'   itemscope=\"itemscope\" itemtype=\"https:\/\/schema.org\/CreativeWork\" ><div class='avia_textblock'  itemprop=\"text\" ><p>Gute arbeitsrechtliche Beratung muss stets das unternehmerische Umfeld sowie die Situation der betroffenen Menschen ber\u00fccksichtigen. Wir analysieren Ihr Anliegen daher konsequent aus dem Blickwinkel des Personalverantwortlichen bzw. unternehmerischen Entscheidungstr\u00e4gers und entwickeln darauf aufbauend passgenaue L\u00f6sungsans\u00e4tze. Unsere Rechtsanw\u00e4lte geben Ihnen klare, rechtlich fundierte und zugleich praktikable Handlungsempfehlungen, die auf Ihre individuelle Situation zugeschnitten sind. Dabei legen wir besonderen Wert auf eine realistische Einsch\u00e4tzung rechtlicher Risiken, Handlungsoptionen und wirtschaftlicher Konsequenzen, um belastbare Entscheidungsgrundlagen zu schaffen.<\/p>\n<p>Wo dies sachgerecht ist, streben wir eine einvernehmliche Konfliktl\u00f6sung an. L\u00e4sst sich eine solche nicht zu angemessenen Bedingungen erreichen, vertreten wir Ihre Interessen mit gro\u00dfer Erfahrung und Durchsetzungskraft vor den Arbeitsgerichten. Unsere Kanzlei wird f\u00fcr ihre ausgepr\u00e4gte Prozessst\u00e4rke gesch\u00e4tzt. Bei Bedarf f\u00fchren wir auch hochkomplexe Rechtsstreitigkeiten \u00fcber mehrere Instanzen bis hin zum Bundesarbeitsgericht.<\/p>\n<p>Bei fach\u00fcbergreifenden Fragestellungen und Projekte greifen wir auf ein eingespieltes Netzwerk renommierter Spezialkanzleien anderer Rechtsgebiete in M\u00fcnchen zur\u00fcck.<\/p>\n<\/div><\/section><\/p><\/div>\n<style type=\"text\/css\" data-created_by=\"avia_inline_auto\" id=\"style-css-av-2gle-3-8edfc7c272bda879b62c68b2e08a5cea\">\n.flex_column.av-2gle-3-8edfc7c272bda879b62c68b2e08a5cea{\nborder-radius:0px 0px 0px 0px;\npadding:0px 0px 0px 0px;\n}\n<\/style>\n<div  class='flex_column av-2gle-3-8edfc7c272bda879b62c68b2e08a5cea av_one_half  avia-builder-el-14  el_after_av_one_half  avia-builder-el-last  flex_column_div av-zero-column-padding'     ><section  class='av_textblock_section av-kf0w4iw2-2-0c18920dc3ab42b46e3bc8723d0aeded'   itemscope=\"itemscope\" itemtype=\"https:\/\/schema.org\/CreativeWork\" ><div class='avia_textblock'  itemprop=\"text\" ><blockquote>\n<h2>Who are we to advise<\/h2>\n<\/blockquote>\n<\/div><\/section><br \/>\n<section  class='av_textblock_section av-13y7i-1-c0c9f7ff6a5b430ebecf9f73d390fad8'   itemscope=\"itemscope\" itemtype=\"https:\/\/schema.org\/CreativeWork\" ><div class='avia_textblock'  itemprop=\"text\" ><p>Unsere arbeitsrechtliche Beratung richtet sich bundesweit an Unternehmen, \u00f6ffentliche Einrichtungen sowie Vorst\u00e4nde, Gesch\u00e4ftsf\u00fchrer und F\u00fchrungskr\u00e4fte.<\/p>\n<p>Zu unserem Mandantenkreis z\u00e4hlen insbesondere Konzerne und Unternehmen aus der Pharma- und der Maschinenbauindustrie, der Informationstechnologie, dem Versicherungs- und Finanzsektor, der Konsumg\u00fcterbranche, der Textil- und Nahrungsmittelindustrie, dem Gro\u00df- und Einzelhandel sowie dem Medienbereich.<\/p>\n<p>Dar\u00fcber hinaus beraten und vertreten wir eine Vielzahl \u00f6ffentlicher und karitativer Einrichtungen, darunter Rundfunkanstalten, St\u00e4dte und Gemeinden, Stiftungen, Sozialversicherungstr\u00e4ger, Krankenh\u00e4user und Pflegeunternehmen sowie kirchliche Einrichtungen.<\/p>\n<p>Zu unseren Mandanten geh\u00f6ren ferner Vorst\u00e4nde, Gesch\u00e4ftsf\u00fchrer und F\u00fchrungskr\u00e4fte, die wir insbesondere in konflikttr\u00e4chtigen Trennungs-, Haftungs- und Verg\u00fctungssituationen sowie an den Schnittstellen zum Gesellschaftsrecht beraten und vertreten.<\/p>\n<p>S\u00e4mtliche Rechtsanw\u00e4lte der Kanzlei sind Fachanw\u00e4lte f\u00fcr Arbeitsrecht und verf\u00fcgen \u00fcber langj\u00e4hrige Erfahrung in der Lehre, unter anderem als Lehrbeauftragte f\u00fcr Arbeitsrecht an der Hochschule Fresenius in M\u00fcnchen.<\/p>\n<\/div><\/section><\/p><\/div>\n<\/p>\n<\/div><\/div><\/div><!-- close content main div --><\/div><\/div>\n<style type=\"text\/css\" data-created_by=\"avia_inline_auto\" id=\"style-css-av-1cmv2-7-2674aba11424dbd56ee3b54dd692304c\">\n.avia-section.av-1cmv2-7-2674aba11424dbd56ee3b54dd692304c{\nbackground-repeat:no-repeat;\nbackground-image:url(https:\/\/www.wsk-arbeitsrecht.com\/wp-content\/uploads\/2020\/11\/wsk-arbeitsrecht-home-full-01-1.jpg);\nbackground-position:50% 50%;\nbackground-attachment:fixed;\n}\n.avia-section.av-1cmv2-7-2674aba11424dbd56ee3b54dd692304c .av-section-color-overlay{\nopacity:0.1;\nbackground-color:#ffffff;\n}\n<\/style>\n<div id='av_section_3'  class='avia-section av-1cmv2-7-2674aba11424dbd56ee3b54dd692304c main_color avia-section-large avia-no-border-styling  avia-builder-el-17  el_after_av_section  avia-builder-el-last  avia-full-stretch avia-bg-style-fixed av-section-color-overlay-active container_wrap sidebar_right'  data-section-bg-repeat='stretch'><div class=\"av-section-color-overlay-wrap\"><div class=\"av-section-color-overlay\"><\/div><div class='container av-section-cont-open' ><div class='template-page content  av-content-small alpha units'><div class='post-entry post-entry-type-page post-entry-18'><div class='entry-content-wrapper clearfix'>\n\n<style type=\"text\/css\" data-created_by=\"avia_inline_auto\" id=\"style-css-av-kh2c6nsf-e01ee00cbbb9585c80dbd44d61efa295\">\n.avia-image-container.av-kh2c6nsf-e01ee00cbbb9585c80dbd44d61efa295 img.avia_image{\nbox-shadow:none;\n}\n.avia-image-container.av-kh2c6nsf-e01ee00cbbb9585c80dbd44d61efa295 .av-image-caption-overlay-center{\ncolor:#ffffff;\n}\n<\/style>\n<div  class='avia-image-container av-kh2c6nsf-e01ee00cbbb9585c80dbd44d61efa295 av-styling- avia-align-center  avia-builder-el-18  avia-builder-el-no-sibling'   itemprop=\"image\" itemscope=\"itemscope\" itemtype=\"https:\/\/schema.org\/ImageObject\" ><div class=\"avia-image-container-inner\"><div class=\"avia-image-overlay-wrap\"><img decoding=\"async\" fetchpriority=\"high\" class='wp-image-2566 avia-img-lazy-loading-not-2566 avia_image' src=\"https:\/\/www.wsk-arbeitsrecht.com\/wp-content\/uploads\/2020\/11\/wolff-schultze-kieferle-icon-wsk-svg-end2020-01-01.svg\" alt='' title='wolff-schultze-kieferle-icon-wsk-svg-end2020-01-01'  height=\"80\" width=\"80\"  itemprop=\"thumbnailUrl\" srcset=\"https:\/\/www.wsk-arbeitsrecht.com\/wp-content\/uploads\/\/2020\/11\/wolff-schultze-kieferle-icon-wsk-svg-end2020-01-01.svg 80w, https:\/\/www.wsk-arbeitsrecht.com\/wp-content\/uploads\/\/2020\/11\/wolff-schultze-kieferle-icon-wsk-svg-end2020-01-01.svg 300w, https:\/\/www.wsk-arbeitsrecht.com\/wp-content\/uploads\/\/2020\/11\/wolff-schultze-kieferle-icon-wsk-svg-end2020-01-01.svg 1030w\" sizes=\"(max-width: 80px) 100vw, 80px\" \/><\/div><\/div><\/div>\n<\/div><\/div><\/div><!-- close content main div --><\/div><\/div><\/div><div id='after_section_3'  class='main_color av_default_container_wrap container_wrap sidebar_right'  ><div class='container av-section-cont-open' ><div class='template-page content  av-content-small alpha units'><div class='post-entry post-entry-type-page post-entry-18'><div class='entry-content-wrapper clearfix'>","protected":false},"excerpt":{"rendered":"","protected":false},"author":1,"featured_media":0,"parent":0,"menu_order":0,"comment_status":"closed","ping_status":"closed","template":"","meta":{"footnotes":""},"class_list":["post-18","page","type-page","status-publish","hentry"],"_links":{"self":[{"href":"https:\/\/www.wsk-arbeitsrecht.com\/en\/wp-json\/wp\/v2\/pages\/18","targetHints":{"allow":["GET"]}}],"collection":[{"href":"https:\/\/www.wsk-arbeitsrecht.com\/en\/wp-json\/wp\/v2\/pages"}],"about":[{"href":"https:\/\/www.wsk-arbeitsrecht.com\/en\/wp-json\/wp\/v2\/types\/page"}],"author":[{"embeddable":true,"href":"https:\/\/www.wsk-arbeitsrecht.com\/en\/wp-json\/wp\/v2\/users\/1"}],"replies":[{"embeddable":true,"href":"https:\/\/www.wsk-arbeitsrecht.com\/en\/wp-json\/wp\/v2\/comments?post=18"}],"version-history":[{"count":141,"href":"https:\/\/www.wsk-arbeitsrecht.com\/en\/wp-json\/wp\/v2\/pages\/18\/revisions"}],"predecessor-version":[{"id":3974,"href":"https:\/\/www.wsk-arbeitsrecht.com\/en\/wp-json\/wp\/v2\/pages\/18\/revisions\/3974"}],"wp:attachment":[{"href":"https:\/\/www.wsk-arbeitsrecht.com\/en\/wp-json\/wp\/v2\/media?parent=18"}],"curies":[{"name":"wp","href":"https:\/\/api.w.org\/{rel}","templated":true}]}}