{"id":149,"date":"2020-09-14T23:20:02","date_gmt":"2020-09-14T21:20:02","guid":{"rendered":"http:\/\/www.wsk-arbeitsrecht.com\/?page_id=149"},"modified":"2026-01-28T10:23:34","modified_gmt":"2026-01-28T09:23:34","slug":"anwaelte","status":"publish","type":"page","link":"https:\/\/www.wsk-arbeitsrecht.com\/en\/anwaelte\/","title":{"rendered":"Lawyers"},"content":{"rendered":"<style type=\"text\/css\" data-created_by=\"avia_inline_auto\" id=\"style-css-av-1vm0a-9f38c37f1d3b0eba9fa6860395e5d4f9\">\n.avia-section.av-1vm0a-9f38c37f1d3b0eba9fa6860395e5d4f9{\nbackground-repeat:no-repeat;\nbackground-image:url(https:\/\/www.wsk-arbeitsrecht.com\/wp-content\/uploads\/2020\/11\/wsk-arbeitsrecht-konferenz-full-01-1.jpg);\nbackground-position:50% 0%;\nbackground-attachment:fixed;\n}\n.avia-section.av-1vm0a-9f38c37f1d3b0eba9fa6860395e5d4f9 .av-section-color-overlay{\nopacity:0.1;\nbackground-color:#ffffff;\n}\n<\/style>\n<div id='av_section_1'  class='avia-section av-1vm0a-9f38c37f1d3b0eba9fa6860395e5d4f9 main_color avia-section-default avia-no-border-styling  avia-builder-el-0  el_before_av_section  avia-builder-el-first  anwaelte avia-full-stretch avia-bg-style-fixed av-section-color-overlay-active av-minimum-height av-minimum-height-100 av-height-100  container_wrap sidebar_right'  data-section-bg-repeat='stretch' data-av_minimum_height_pc='100' data-av_min_height_opt='100'><div class=\"av-section-color-overlay-wrap\"><div class=\"av-section-color-overlay\"><\/div><div class='container av-section-cont-open' ><main  role=\"main\" itemprop=\"mainContentOfPage\"  class='template-page content  av-content-small alpha units'><div class='post-entry post-entry-type-page post-entry-149'><div class='entry-content-wrapper clearfix'>\n<div class='flex_column_table av-14nsi-b7bb2b718bbcbbd9e7425e4551f8db4f sc-av_one_third av-equal-height-column-flextable'>\n<style type=\"text\/css\" data-created_by=\"avia_inline_auto\" id=\"style-css-av-14nsi-b7bb2b718bbcbbd9e7425e4551f8db4f\">\n.flex_column.av-14nsi-b7bb2b718bbcbbd9e7425e4551f8db4f{\nborder-radius:0px 0px 0px 0px;\npadding:20px 20px 20px 20px;\nbackground-color:#ffffff;\n}\n<\/style>\n<div  class='flex_column av-14nsi-b7bb2b718bbcbbd9e7425e4551f8db4f av_one_third  avia-builder-el-1  el_before_av_one_third  avia-builder-el-first  first no_margin flex_column_table_cell av-equal-height-column av-align-top'     ><p>\n<style type=\"text\/css\" data-created_by=\"avia_inline_auto\" id=\"style-css-av-kf3odvza-cbfc48abe85dae0d7078e96370698dda\">\n.avia-image-container.av-kf3odvza-cbfc48abe85dae0d7078e96370698dda img.avia_image{\nbox-shadow:none;\n}\n.avia-image-container.av-kf3odvza-cbfc48abe85dae0d7078e96370698dda .av-image-caption-overlay-center{\ncolor:#ffffff;\nfont-size:20px;\n}\n<\/style>\n<div  class='avia-image-container av-kf3odvza-cbfc48abe85dae0d7078e96370698dda av-styling-no-styling av-hover-grow av-hide-overflow av-img-linked avia-align-  avia-builder-el-2  el_before_av_hr  avia-builder-el-first'   itemprop=\"image\" itemscope=\"itemscope\" itemtype=\"https:\/\/schema.org\/ImageObject\" ><div class=\"avia-image-container-inner\"><div class=\"avia-image-overlay-wrap\"><a href=\"https:\/\/www.wsk-arbeitsrecht.com\/en\/anwaelte\/dr-andreas-wolff\/\" class='avia_image'  aria-label='Dr. Andreas Wolff'><img decoding=\"async\" fetchpriority=\"high\" class='wp-image-2914 avia-img-lazy-loading-not-2914 avia_image' src=\"https:\/\/www.wsk-arbeitsrecht.com\/wp-content\/uploads\/2020\/11\/wsk-team-andreas-wolff.jpg\" alt='Rechtsanwalt f\u00fcr Arbeitsrecht M\u00fcnchen Dr. Andreas Wolff' title='Dr. Andreas Wolff'  height=\"400\" width=\"700\"  itemprop=\"thumbnailUrl\" srcset=\"https:\/\/www.wsk-arbeitsrecht.com\/wp-content\/uploads\/2020\/11\/wsk-team-andreas-wolff.jpg 700w, https:\/\/www.wsk-arbeitsrecht.com\/wp-content\/uploads\/2020\/11\/wsk-team-andreas-wolff-300x171.jpg 300w\" sizes=\"(max-width: 700px) 100vw, 700px\" \/><\/a><\/div><\/div><\/div><br \/>\n\n<style type=\"text\/css\" data-created_by=\"avia_inline_auto\" id=\"style-css-av-kf5i8vre-479c8d9bcac868bacfb77fbe98e600ff\">\n#top .hr.hr-invisible.av-kf5i8vre-479c8d9bcac868bacfb77fbe98e600ff{\nheight:20px;\n}\n<\/style>\n<div  class='hr av-kf5i8vre-479c8d9bcac868bacfb77fbe98e600ff hr-invisible  avia-builder-el-3  el_after_av_image  el_before_av_textblock'><span class='hr-inner'><span class=\"hr-inner-style\"><\/span><\/span><\/div><br \/>\n<section  class='av_textblock_section av-kf5j4gz5-34b03e608ea475ddfb3ee23a40ce1156'   itemscope=\"itemscope\" itemtype=\"https:\/\/schema.org\/CreativeWork\" ><div class='avia_textblock'  itemprop=\"text\" ><blockquote>\n<h2 class=\"av-special-heading-tag\">Dr. Andreas Wolff<\/h2>\n<\/blockquote>\n<div class=\"av-subheading av-subheading_below\">\n<p>Partner \u2013 lawyer and specialist lawyer for labour law<\/p>\n<\/div>\n<\/div><\/section><br \/>\n\n<style type=\"text\/css\" data-created_by=\"avia_inline_auto\" id=\"style-css-av-kf5i8vre-29-86e1c76897cda20fc6c2236c4c83e854\">\n#top .hr.hr-invisible.av-kf5i8vre-29-86e1c76897cda20fc6c2236c4c83e854{\nheight:30px;\n}\n<\/style>\n<div  class='hr av-kf5i8vre-29-86e1c76897cda20fc6c2236c4c83e854 hr-invisible  avia-builder-el-5  el_after_av_textblock  el_before_av_button'><span class='hr-inner'><span class=\"hr-inner-style\"><\/span><\/span><\/div><br \/>\n<div  class='avia-button-wrap av-kf5h7da4-a69d66010af0f216112383f6c77ba96d-wrap avia-button-left  avia-builder-el-6  el_after_av_hr  avia-builder-el-last'>\n<style type=\"text\/css\" data-created_by=\"avia_inline_auto\" id=\"style-css-av-kf5h7da4-a69d66010af0f216112383f6c77ba96d\">\n#top #wrap_all .avia-button.av-kf5h7da4-a69d66010af0f216112383f6c77ba96d{\nbackground-color:#474c54;\nborder-color:#474c54;\ntransition:all 0.4s ease-in-out;\n}\n#top #wrap_all .avia-button.av-kf5h7da4-a69d66010af0f216112383f6c77ba96d:hover{\nbackground-color:#a8b614;\ncolor:#ffffff;\ntransition:all 0.4s ease-in-out;\n}\n#top #wrap_all .avia-button.av-kf5h7da4-a69d66010af0f216112383f6c77ba96d:hover .avia-svg-icon svg:first-child{\nfill:#ffffff;\nstroke:#ffffff;\n}\n<\/style>\n<a href='https:\/\/www.wsk-arbeitsrecht.com\/en\/anwaelte\/dr-andreas-wolff\/'  class='avia-button av-kf5h7da4-a69d66010af0f216112383f6c77ba96d av-link-btn avia-icon_select-no avia-size-small avia-position-left avia-font-color-theme-color'   aria-label=\"Profile\"><span class='avia_iconbox_title' >Profile<\/span><\/a><\/div><\/p><\/div>\n<style type=\"text\/css\" data-created_by=\"avia_inline_auto\" id=\"style-css-av-14nsi-25-0c3ca1d4ccc90a27da15700caace2325\">\n.flex_column.av-14nsi-25-0c3ca1d4ccc90a27da15700caace2325{\nborder-radius:0px 0px 0px 0px;\npadding:20px 20px 20px 20px;\nbackground-color:#ffffff;\n}\n<\/style>\n<div  class='flex_column av-14nsi-25-0c3ca1d4ccc90a27da15700caace2325 av_one_third  avia-builder-el-7  el_after_av_one_third  el_before_av_one_third  no_margin flex_column_table_cell av-equal-height-column av-align-top'     ><p>\n<style type=\"text\/css\" data-created_by=\"avia_inline_auto\" id=\"style-css-av-kf3odvza-24-3c5abf4f67454a721a78271b8ceb722c\">\n.avia-image-container.av-kf3odvza-24-3c5abf4f67454a721a78271b8ceb722c img.avia_image{\nbox-shadow:none;\n}\n.avia-image-container.av-kf3odvza-24-3c5abf4f67454a721a78271b8ceb722c .av-image-caption-overlay-center{\ncolor:#ffffff;\nfont-size:20px;\n}\n<\/style>\n<div  class='avia-image-container av-kf3odvza-24-3c5abf4f67454a721a78271b8ceb722c av-styling-no-styling av-hover-grow av-hide-overflow av-img-linked avia-align-  avia-builder-el-8  el_before_av_hr  avia-builder-el-first'   itemprop=\"image\" itemscope=\"itemscope\" itemtype=\"https:\/\/schema.org\/ImageObject\" ><div class=\"avia-image-container-inner\"><div class=\"avia-image-overlay-wrap\"><a href=\"https:\/\/www.wsk-arbeitsrecht.com\/en\/anwaelte\/oliver-kieferle\/\" class='avia_image'  aria-label='Oliver Kieferle'><img decoding=\"async\" fetchpriority=\"high\" class='wp-image-2916 avia-img-lazy-loading-not-2916 avia_image' src=\"https:\/\/www.wsk-arbeitsrecht.com\/wp-content\/uploads\/2020\/11\/wsk-team-oliver-kieferle.jpg\" alt='Rechtsanwalt f\u00fcr Arbeitsrecht M\u00fcnchen Oliver Kieferle' title='Oliver Kieferle'  height=\"400\" width=\"700\"  itemprop=\"thumbnailUrl\" srcset=\"https:\/\/www.wsk-arbeitsrecht.com\/wp-content\/uploads\/2020\/11\/wsk-team-oliver-kieferle.jpg 700w, https:\/\/www.wsk-arbeitsrecht.com\/wp-content\/uploads\/2020\/11\/wsk-team-oliver-kieferle-300x171.jpg 300w\" sizes=\"(max-width: 700px) 100vw, 700px\" \/><\/a><\/div><\/div><\/div><br \/>\n\n<style type=\"text\/css\" data-created_by=\"avia_inline_auto\" id=\"style-css-av-kf5i8vre-21-34f058f4bd476407dc5d787e60632b89\">\n#top .hr.hr-invisible.av-kf5i8vre-21-34f058f4bd476407dc5d787e60632b89{\nheight:20px;\n}\n<\/style>\n<div  class='hr av-kf5i8vre-21-34f058f4bd476407dc5d787e60632b89 hr-invisible  avia-builder-el-9  el_after_av_image  el_before_av_textblock'><span class='hr-inner'><span class=\"hr-inner-style\"><\/span><\/span><\/div><br \/>\n<section  class='av_textblock_section av-kf5j4gz5-22-57d3283e80fd612738f5a276d2700a16'   itemscope=\"itemscope\" itemtype=\"https:\/\/schema.org\/CreativeWork\" ><div class='avia_textblock'  itemprop=\"text\" ><blockquote>\n<h2 class=\"av-special-heading-tag\">Oliver Kieferle<\/h2>\n<\/blockquote>\n<div class=\"av-subheading av-subheading_below\">\n<p>Partner \u2013 lawyer and specialist lawyer for labour law<\/p>\n<\/div>\n<\/div><\/section><br \/>\n\n<style type=\"text\/css\" data-created_by=\"avia_inline_auto\" id=\"style-css-av-kf5i8vre-17-e285d5afa53caafc8631484f6e0a6b95\">\n#top .hr.hr-invisible.av-kf5i8vre-17-e285d5afa53caafc8631484f6e0a6b95{\nheight:30px;\n}\n<\/style>\n<div  class='hr av-kf5i8vre-17-e285d5afa53caafc8631484f6e0a6b95 hr-invisible  avia-builder-el-11  el_after_av_textblock  el_before_av_button'><span class='hr-inner'><span class=\"hr-inner-style\"><\/span><\/span><\/div><br \/>\n<div  class='avia-button-wrap av-kf5h7da4-20-931e5ba00580824d0a4ae74de6e0d2b6-wrap avia-button-left  avia-builder-el-12  el_after_av_hr  avia-builder-el-last'>\n<style type=\"text\/css\" data-created_by=\"avia_inline_auto\" id=\"style-css-av-kf5h7da4-20-931e5ba00580824d0a4ae74de6e0d2b6\">\n#top #wrap_all .avia-button.av-kf5h7da4-20-931e5ba00580824d0a4ae74de6e0d2b6{\nbackground-color:#474c54;\nborder-color:#474c54;\ntransition:all 0.4s ease-in-out;\n}\n#top #wrap_all .avia-button.av-kf5h7da4-20-931e5ba00580824d0a4ae74de6e0d2b6:hover{\nbackground-color:#a8b614;\ncolor:#ffffff;\ntransition:all 0.4s ease-in-out;\n}\n#top #wrap_all .avia-button.av-kf5h7da4-20-931e5ba00580824d0a4ae74de6e0d2b6:hover .avia-svg-icon svg:first-child{\nfill:#ffffff;\nstroke:#ffffff;\n}\n<\/style>\n<a href='https:\/\/www.wsk-arbeitsrecht.com\/en\/anwaelte\/oliver-kieferle\/'  class='avia-button av-kf5h7da4-20-931e5ba00580824d0a4ae74de6e0d2b6 av-link-btn avia-icon_select-no avia-size-small avia-position-left avia-font-color-theme-color'   aria-label=\"Profile\"><span class='avia_iconbox_title' >Profile<\/span><\/a><\/div><\/p><\/div>\n<style type=\"text\/css\" data-created_by=\"avia_inline_auto\" id=\"style-css-av-14nsi-19-1b072dd03ef2bf8df62af61106089804\">\n.flex_column.av-14nsi-19-1b072dd03ef2bf8df62af61106089804{\nborder-radius:0px 0px 0px 0px;\npadding:20px 20px 20px 20px;\nbackground-color:#ffffff;\n}\n<\/style>\n<div  class='flex_column av-14nsi-19-1b072dd03ef2bf8df62af61106089804 av_one_third  avia-builder-el-13  el_after_av_one_third  el_before_av_one_third  no_margin flex_column_table_cell av-equal-height-column av-align-top'     ><p>\n<style type=\"text\/css\" data-created_by=\"avia_inline_auto\" id=\"style-css-av-kf3odvza-18-b6cd5ab2f40932b66dda148e2d2b0af2\">\n.avia-image-container.av-kf3odvza-18-b6cd5ab2f40932b66dda148e2d2b0af2 img.avia_image{\nbox-shadow:none;\n}\n.avia-image-container.av-kf3odvza-18-b6cd5ab2f40932b66dda148e2d2b0af2 .av-image-caption-overlay-center{\ncolor:#ffffff;\nfont-size:20px;\n}\n<\/style>\n<div  class='avia-image-container av-kf3odvza-18-b6cd5ab2f40932b66dda148e2d2b0af2 av-styling-no-styling av-hover-grow av-hide-overflow av-img-linked avia-align-  avia-builder-el-14  el_before_av_hr  avia-builder-el-first'   itemprop=\"image\" itemscope=\"itemscope\" itemtype=\"https:\/\/schema.org\/ImageObject\" ><div class=\"avia-image-container-inner\"><div class=\"avia-image-overlay-wrap\"><a href=\"https:\/\/www.wsk-arbeitsrecht.com\/en\/anwaelte\/melanie-fuerbass\/\" class='avia_image'  aria-label='wsk-team-melanie-maier'><img decoding=\"async\" fetchpriority=\"high\" class='wp-image-2917 avia-img-lazy-loading-not-2917 avia_image' src=\"https:\/\/www.wsk-arbeitsrecht.com\/wp-content\/uploads\/2020\/11\/wsk-team-melanie-maier.jpg\" alt='' title='wsk-team-melanie-maier'  height=\"400\" width=\"700\"  itemprop=\"thumbnailUrl\" srcset=\"https:\/\/www.wsk-arbeitsrecht.com\/wp-content\/uploads\/2020\/11\/wsk-team-melanie-maier.jpg 700w, https:\/\/www.wsk-arbeitsrecht.com\/wp-content\/uploads\/2020\/11\/wsk-team-melanie-maier-300x171.jpg 300w\" sizes=\"(max-width: 700px) 100vw, 700px\" \/><\/a><\/div><\/div><\/div><br \/>\n\n<style type=\"text\/css\" data-created_by=\"avia_inline_auto\" id=\"style-css-av-kf5i8vre-15-8e93e06f0933bb7298a822aacd1ccc6d\">\n#top .hr.hr-invisible.av-kf5i8vre-15-8e93e06f0933bb7298a822aacd1ccc6d{\nheight:20px;\n}\n<\/style>\n<div  class='hr av-kf5i8vre-15-8e93e06f0933bb7298a822aacd1ccc6d hr-invisible  avia-builder-el-15  el_after_av_image  el_before_av_textblock'><span class='hr-inner'><span class=\"hr-inner-style\"><\/span><\/span><\/div><br \/>\n<section  class='av_textblock_section av-kf5j4gz5-16-f92ba85811b2bc2059ad4d443a1b81f6'   itemscope=\"itemscope\" itemtype=\"https:\/\/schema.org\/CreativeWork\" ><div class='avia_textblock'  itemprop=\"text\" ><blockquote>\n<h2 class=\"av-special-heading-tag\">Melanie F\u00fcrba\u00df<\/h2>\n<\/blockquote>\n<div class=\"av-subheading av-subheading_below\">\n<p>A lawyer and specialist lawyer for labour law<\/p>\n<\/div>\n<div class=\"av-subheading av-subheading_below\"><\/div>\n<\/div><\/section><br \/>\n\n<style type=\"text\/css\" data-created_by=\"avia_inline_auto\" id=\"style-css-av-kf5i8vre-11-3b60746e7a962cea5a883bca49cb2a9d\">\n#top .hr.hr-invisible.av-kf5i8vre-11-3b60746e7a962cea5a883bca49cb2a9d{\nheight:30px;\n}\n<\/style>\n<div  class='hr av-kf5i8vre-11-3b60746e7a962cea5a883bca49cb2a9d hr-invisible  avia-builder-el-17  el_after_av_textblock  el_before_av_button'><span class='hr-inner'><span class=\"hr-inner-style\"><\/span><\/span><\/div><br \/>\n<div  class='avia-button-wrap av-kf5h7da4-14-9f404f1c635bcab76f774edd48fd9543-wrap avia-button-left  avia-builder-el-18  el_after_av_hr  avia-builder-el-last'>\n<style type=\"text\/css\" data-created_by=\"avia_inline_auto\" id=\"style-css-av-kf5h7da4-14-9f404f1c635bcab76f774edd48fd9543\">\n#top #wrap_all .avia-button.av-kf5h7da4-14-9f404f1c635bcab76f774edd48fd9543{\nbackground-color:#474c54;\nborder-color:#474c54;\ntransition:all 0.4s ease-in-out;\n}\n#top #wrap_all .avia-button.av-kf5h7da4-14-9f404f1c635bcab76f774edd48fd9543:hover{\nbackground-color:#a8b614;\ncolor:#ffffff;\ntransition:all 0.4s ease-in-out;\n}\n#top #wrap_all .avia-button.av-kf5h7da4-14-9f404f1c635bcab76f774edd48fd9543:hover .avia-svg-icon svg:first-child{\nfill:#ffffff;\nstroke:#ffffff;\n}\n<\/style>\n<a href='https:\/\/www.wsk-arbeitsrecht.com\/en\/anwaelte\/melanie-fuerbass\/'  class='avia-button av-kf5h7da4-14-9f404f1c635bcab76f774edd48fd9543 av-link-btn avia-icon_select-no avia-size-small avia-position-left avia-font-color-theme-color'   aria-label=\"Profile\"><span class='avia_iconbox_title' >Profile<\/span><\/a><\/div><\/p><\/div><\/div><!--close column table wrapper. Autoclose: 1 --><div class='flex_column_table av-14nsi-13-50449823bffeebf6036228c683f07dd7 sc-av_one_third av-equal-height-column-flextable'>\n<style type=\"text\/css\" data-created_by=\"avia_inline_auto\" id=\"style-css-av-14nsi-13-50449823bffeebf6036228c683f07dd7\">\n.flex_column.av-14nsi-13-50449823bffeebf6036228c683f07dd7{\nborder-radius:0px 0px 0px 0px;\npadding:20px 20px 20px 20px;\nbackground-color:#ffffff;\n}\n<\/style>\n<div  class='flex_column av-14nsi-13-50449823bffeebf6036228c683f07dd7 av_one_third  avia-builder-el-19  el_after_av_one_third  el_before_av_one_third  first no_margin flex_column_table_cell av-equal-height-column av-align-top  column-top-margin'     ><p>\n<style type=\"text\/css\" data-created_by=\"avia_inline_auto\" id=\"style-css-av-kf3odvza-12-2940024250511d29ab88adde5f8f3225\">\n.avia-image-container.av-kf3odvza-12-2940024250511d29ab88adde5f8f3225 img.avia_image{\nbox-shadow:none;\n}\n.avia-image-container.av-kf3odvza-12-2940024250511d29ab88adde5f8f3225 .av-image-caption-overlay-center{\ncolor:#ffffff;\nfont-size:20px;\n}\n<\/style>\n<div  class='avia-image-container av-kf3odvza-12-2940024250511d29ab88adde5f8f3225 av-styling-no-styling av-hover-grow av-hide-overflow av-img-linked avia-align-  avia-builder-el-20  el_before_av_hr  avia-builder-el-first'   itemprop=\"image\" itemscope=\"itemscope\" itemtype=\"https:\/\/schema.org\/ImageObject\" ><div class=\"avia-image-container-inner\"><div class=\"avia-image-overlay-wrap\"><a href=\"https:\/\/www.wsk-arbeitsrecht.com\/en\/anwaelte\/jana-blancke\/\" class='avia_image'  aria-label='wsk-team-jana-blancke'><img decoding=\"async\" fetchpriority=\"high\" class='wp-image-2918 avia-img-lazy-loading-not-2918 avia_image' src=\"https:\/\/www.wsk-arbeitsrecht.com\/wp-content\/uploads\/2020\/11\/wsk-team-jana-blancke.jpg\" alt='' title='wsk-team-jana-blancke'  height=\"400\" width=\"700\"  itemprop=\"thumbnailUrl\" srcset=\"https:\/\/www.wsk-arbeitsrecht.com\/wp-content\/uploads\/2020\/11\/wsk-team-jana-blancke.jpg 700w, https:\/\/www.wsk-arbeitsrecht.com\/wp-content\/uploads\/2020\/11\/wsk-team-jana-blancke-300x171.jpg 300w\" sizes=\"(max-width: 700px) 100vw, 700px\" \/><\/a><\/div><\/div><\/div><br \/>\n\n<style type=\"text\/css\" data-created_by=\"avia_inline_auto\" id=\"style-css-av-kf5i8vre-9-27c6d4e48f23de188252903bb4dc1a91\">\n#top .hr.hr-invisible.av-kf5i8vre-9-27c6d4e48f23de188252903bb4dc1a91{\nheight:20px;\n}\n<\/style>\n<div  class='hr av-kf5i8vre-9-27c6d4e48f23de188252903bb4dc1a91 hr-invisible  avia-builder-el-21  el_after_av_image  el_before_av_textblock'><span class='hr-inner'><span class=\"hr-inner-style\"><\/span><\/span><\/div><br \/>\n<section  class='av_textblock_section av-kf5j4gz5-10-198fb5c5e146ec53c64f36eb87d9d8c3'   itemscope=\"itemscope\" itemtype=\"https:\/\/schema.org\/CreativeWork\" ><div class='avia_textblock'  itemprop=\"text\" ><blockquote>\n<h2 class=\"av-special-heading-tag\">Jana P\u00e4hler<\/h2>\n<\/blockquote>\n<div class=\"av-subheading av-subheading_below\">\n<p>A lawyer and specialist lawyer for labour law<\/p>\n<\/div>\n<div class=\"av-subheading av-subheading_below\"><\/div>\n<div class=\"av-subheading av-subheading_below\"><\/div>\n<\/div><\/section><br \/>\n<div  class='avia-button-wrap av-kf5h7da4-8-88af3d441647f3963b2c372a15aa9200-wrap avia-button-left  avia-builder-el-23  el_after_av_textblock  avia-builder-el-last'>\n<style type=\"text\/css\" data-created_by=\"avia_inline_auto\" id=\"style-css-av-kf5h7da4-8-88af3d441647f3963b2c372a15aa9200\">\n#top #wrap_all .avia-button.av-kf5h7da4-8-88af3d441647f3963b2c372a15aa9200{\nbackground-color:#474c54;\nborder-color:#474c54;\ntransition:all 0.4s ease-in-out;\n}\n#top #wrap_all .avia-button.av-kf5h7da4-8-88af3d441647f3963b2c372a15aa9200:hover{\nbackground-color:#a8b614;\ncolor:#ffffff;\ntransition:all 0.4s ease-in-out;\n}\n#top #wrap_all .avia-button.av-kf5h7da4-8-88af3d441647f3963b2c372a15aa9200:hover .avia-svg-icon svg:first-child{\nfill:#ffffff;\nstroke:#ffffff;\n}\n<\/style>\n<a href='https:\/\/www.wsk-arbeitsrecht.com\/en\/anwaelte\/jana-blancke\/'  class='avia-button av-kf5h7da4-8-88af3d441647f3963b2c372a15aa9200 av-link-btn avia-icon_select-no avia-size-small avia-position-left avia-font-color-theme-color'   aria-label=\"Profile\"><span class='avia_iconbox_title' >Profile<\/span><\/a><\/div><\/p><\/div>\n<style type=\"text\/css\" data-created_by=\"avia_inline_auto\" id=\"style-css-av-l3azp-2bc8502ee4c345b27038759a58bf80f6\">\n.flex_column.av-l3azp-2bc8502ee4c345b27038759a58bf80f6{\nborder-radius:0px 0px 0px 0px;\npadding:20px 20px 20px 20px;\nbackground-color:#ffffff;\n}\n<\/style>\n<div  class='flex_column av-l3azp-2bc8502ee4c345b27038759a58bf80f6 av_one_third  avia-builder-el-24  el_after_av_one_third  el_before_av_one_third  no_margin flex_column_table_cell av-equal-height-column av-align-top  column-top-margin'     ><p>\n<style type=\"text\/css\" data-created_by=\"avia_inline_auto\" id=\"style-css-av-lqdnhv85-782876cc80ec05c2d9b95338d683c804\">\n.avia-image-container.av-lqdnhv85-782876cc80ec05c2d9b95338d683c804 img.avia_image{\nbox-shadow:none;\n}\n.avia-image-container.av-lqdnhv85-782876cc80ec05c2d9b95338d683c804 .av-image-caption-overlay-center{\ncolor:#ffffff;\nfont-size:20px;\n}\n<\/style>\n<div  class='avia-image-container av-lqdnhv85-782876cc80ec05c2d9b95338d683c804 av-styling-no-styling av-hover-grow av-hide-overflow av-img-linked avia-align-  avia-builder-el-25  el_before_av_hr  avia-builder-el-first'   itemprop=\"image\" itemscope=\"itemscope\" itemtype=\"https:\/\/schema.org\/ImageObject\" ><div class=\"avia-image-container-inner\"><div class=\"avia-image-overlay-wrap\"><a href=\"https:\/\/www.wsk-arbeitsrecht.com\/en\/anwaelte\/frankziska-grasser\/\" class='avia_image'  aria-label='wsk-team-franziska-grasser'><img decoding=\"async\" fetchpriority=\"high\" class='wp-image-3512 avia-img-lazy-loading-not-3512 avia_image' src=\"https:\/\/www.wsk-arbeitsrecht.com\/wp-content\/uploads\/2023\/12\/wsk-team-franziska-grasser.jpg\" alt='' title='wsk-team-franziska-grasser'  height=\"400\" width=\"700\"  itemprop=\"thumbnailUrl\" srcset=\"https:\/\/www.wsk-arbeitsrecht.com\/wp-content\/uploads\/2023\/12\/wsk-team-franziska-grasser.jpg 700w, https:\/\/www.wsk-arbeitsrecht.com\/wp-content\/uploads\/2023\/12\/wsk-team-franziska-grasser-300x171.jpg 300w\" sizes=\"(max-width: 700px) 100vw, 700px\" \/><\/a><\/div><\/div><\/div><br \/>\n\n<style type=\"text\/css\" data-created_by=\"avia_inline_auto\" id=\"style-css-av-gj4hx-ece9a8824ccc34ab6f6a7da20c4c097d\">\n#top .hr.hr-invisible.av-gj4hx-ece9a8824ccc34ab6f6a7da20c4c097d{\nheight:20px;\n}\n<\/style>\n<div  class='hr av-gj4hx-ece9a8824ccc34ab6f6a7da20c4c097d hr-invisible  avia-builder-el-26  el_after_av_image  el_before_av_textblock'><span class='hr-inner'><span class=\"hr-inner-style\"><\/span><\/span><\/div><br \/>\n<section  class='av_textblock_section av-lqdnu0dq-ba81a6cb4ef3b10ba77de10e47817f1f'   itemscope=\"itemscope\" itemtype=\"https:\/\/schema.org\/CreativeWork\" ><div class='avia_textblock'  itemprop=\"text\" ><blockquote>\n<h2 class=\"av-special-heading-tag\">Franziska Grasser<\/h2>\n<\/blockquote>\n<div class=\"av-subheading av-subheading_below\">\n<p>Attorney-at-law<\/p>\n<\/div>\n<div class=\"av-subheading av-subheading_below\"><\/div>\n<div class=\"av-subheading av-subheading_below\"><\/div>\n<\/div><\/section><br \/>\n\n<style type=\"text\/css\" data-created_by=\"avia_inline_auto\" id=\"style-css-av-vbfh-a87be22407422cbec138f23e9232067a\">\n#top .hr.hr-invisible.av-vbfh-a87be22407422cbec138f23e9232067a{\nheight:30px;\n}\n<\/style>\n<div  class='hr av-vbfh-a87be22407422cbec138f23e9232067a hr-invisible  avia-builder-el-28  el_after_av_textblock  el_before_av_button'><span class='hr-inner'><span class=\"hr-inner-style\"><\/span><\/span><\/div><br \/>\n<div  class='avia-button-wrap av-lqdnuc6u-67f899fc41b252e563b0fe699db5c6f1-wrap avia-button-left  avia-builder-el-29  el_after_av_hr  avia-builder-el-last'>\n<style type=\"text\/css\" data-created_by=\"avia_inline_auto\" id=\"style-css-av-lqdnuc6u-67f899fc41b252e563b0fe699db5c6f1\">\n#top #wrap_all .avia-button.av-lqdnuc6u-67f899fc41b252e563b0fe699db5c6f1{\nbackground-color:#474c54;\nborder-color:#474c54;\ntransition:all 0.4s ease-in-out;\n}\n#top #wrap_all .avia-button.av-lqdnuc6u-67f899fc41b252e563b0fe699db5c6f1:hover{\nbackground-color:#a8b614;\ncolor:white;\ntransition:all 0.4s ease-in-out;\n}\n#top #wrap_all .avia-button.av-lqdnuc6u-67f899fc41b252e563b0fe699db5c6f1:hover .avia-svg-icon svg:first-child{\nfill:white;\nstroke:white;\n}\n<\/style>\n<a href='https:\/\/www.wsk-arbeitsrecht.com\/en\/anwaelte\/frankziska-grasser\/'  class='avia-button av-lqdnuc6u-67f899fc41b252e563b0fe699db5c6f1 av-link-btn avia-icon_select-no avia-size-small avia-position-left avia-font-color-theme-color'   aria-label=\"Profile\"><span class='avia_iconbox_title' >Profile<\/span><\/a><\/div><\/p><\/div>\n<style type=\"text\/css\" data-created_by=\"avia_inline_auto\" id=\"style-css-av-14nsi-7-59b9c5edb4d1ff23057d64900ebcfc16\">\n.flex_column.av-14nsi-7-59b9c5edb4d1ff23057d64900ebcfc16{\nborder-radius:0px 0px 0px 0px;\npadding:20px 20px 20px 20px;\nbackground-color:#ffffff;\n}\n<\/style>\n<div  class='flex_column av-14nsi-7-59b9c5edb4d1ff23057d64900ebcfc16 av_one_third  avia-builder-el-30  el_after_av_one_third  el_before_av_one_third  no_margin flex_column_table_cell av-equal-height-column av-align-top  column-top-margin'     ><p>\n<style type=\"text\/css\" data-created_by=\"avia_inline_auto\" id=\"style-css-av-kf3odvza-6-469726a3b1d11e8ee363640b83cc0445\">\n.avia-image-container.av-kf3odvza-6-469726a3b1d11e8ee363640b83cc0445 img.avia_image{\nbox-shadow:none;\n}\n.avia-image-container.av-kf3odvza-6-469726a3b1d11e8ee363640b83cc0445 .av-image-caption-overlay-center{\ncolor:#ffffff;\nfont-size:20px;\n}\n<\/style>\n<div  class='avia-image-container av-kf3odvza-6-469726a3b1d11e8ee363640b83cc0445 av-styling-no-styling av-hover-grow av-hide-overflow av-img-linked avia-align-  avia-builder-el-31  el_before_av_hr  avia-builder-el-first'   itemprop=\"image\" itemscope=\"itemscope\" itemtype=\"https:\/\/schema.org\/ImageObject\" ><div class=\"avia-image-container-inner\"><div class=\"avia-image-overlay-wrap\"><a href=\"https:\/\/www.wsk-arbeitsrecht.com\/en\/anwaelte\/prof-dr-habil-dirk-selzer\/\" class='avia_image'  aria-label='wsk-team-dirk-selzer'><img decoding=\"async\" fetchpriority=\"high\" class='wp-image-2569 avia-img-lazy-loading-not-2569 avia_image' src=\"https:\/\/www.wsk-arbeitsrecht.com\/wp-content\/uploads\/2020\/11\/wsk-team-dirk-selzer.jpg\" alt='' title='wsk-team-dirk-selzer'  height=\"400\" width=\"700\"  itemprop=\"thumbnailUrl\" srcset=\"https:\/\/www.wsk-arbeitsrecht.com\/wp-content\/uploads\/2020\/11\/wsk-team-dirk-selzer.jpg 700w, https:\/\/www.wsk-arbeitsrecht.com\/wp-content\/uploads\/2020\/11\/wsk-team-dirk-selzer-300x171.jpg 300w\" sizes=\"(max-width: 700px) 100vw, 700px\" \/><\/a><\/div><\/div><\/div><br \/>\n\n<style type=\"text\/css\" data-created_by=\"avia_inline_auto\" id=\"style-css-av-kf5i8vre-3-6c98c6fd9e9f4fa453c6404e343e1899\">\n#top .hr.hr-invisible.av-kf5i8vre-3-6c98c6fd9e9f4fa453c6404e343e1899{\nheight:20px;\n}\n<\/style>\n<div  class='hr av-kf5i8vre-3-6c98c6fd9e9f4fa453c6404e343e1899 hr-invisible  avia-builder-el-32  el_after_av_image  el_before_av_textblock'><span class='hr-inner'><span class=\"hr-inner-style\"><\/span><\/span><\/div><br \/>\n<section  class='av_textblock_section av-kf5j4gz5-4-e70bd0c5ac6498a074efcf5624ea7aa4'   itemscope=\"itemscope\" itemtype=\"https:\/\/schema.org\/CreativeWork\" ><div class='avia_textblock'  itemprop=\"text\" ><blockquote>\n<h2 class=\"av-special-heading-tag\">Prof. Dr. Habil. Dirk Selzer<\/h2>\n<\/blockquote>\n<div class=\"av-subheading av-subheading_below\">\n<p>External Advisor to our firm<\/p>\n<\/div>\n<div class=\"av-subheading av-subheading_below\"><\/div>\n<div class=\"av-subheading av-subheading_below\"><\/div>\n<\/div><\/section><br \/>\n\n<style type=\"text\/css\" data-created_by=\"avia_inline_auto\" id=\"style-css-av-kf5i8vre-1-ef9bc80a8351d7ae0d3fa73a29ec4dea\">\n#top .hr.hr-invisible.av-kf5i8vre-1-ef9bc80a8351d7ae0d3fa73a29ec4dea{\nheight:30px;\n}\n<\/style>\n<div  class='hr av-kf5i8vre-1-ef9bc80a8351d7ae0d3fa73a29ec4dea hr-invisible  avia-builder-el-34  el_after_av_textblock  el_before_av_button'><span class='hr-inner'><span class=\"hr-inner-style\"><\/span><\/span><\/div><br \/>\n<div  class='avia-button-wrap av-kf5h7da4-2-358b562ddd5306e4df60e99f1af2f6e0-wrap avia-button-left  avia-builder-el-35  el_after_av_hr  avia-builder-el-last'>\n<style type=\"text\/css\" data-created_by=\"avia_inline_auto\" id=\"style-css-av-kf5h7da4-2-358b562ddd5306e4df60e99f1af2f6e0\">\n#top #wrap_all .avia-button.av-kf5h7da4-2-358b562ddd5306e4df60e99f1af2f6e0{\nbackground-color:#474c54;\nborder-color:#474c54;\ntransition:all 0.4s ease-in-out;\n}\n#top #wrap_all .avia-button.av-kf5h7da4-2-358b562ddd5306e4df60e99f1af2f6e0:hover{\nbackground-color:#a8b614;\ncolor:#ffffff;\ntransition:all 0.4s ease-in-out;\n}\n#top #wrap_all .avia-button.av-kf5h7da4-2-358b562ddd5306e4df60e99f1af2f6e0:hover .avia-svg-icon svg:first-child{\nfill:#ffffff;\nstroke:#ffffff;\n}\n<\/style>\n<a href='https:\/\/www.wsk-arbeitsrecht.com\/en\/anwaelte\/prof-dr-habil-dirk-selzer\/'  class='avia-button av-kf5h7da4-2-358b562ddd5306e4df60e99f1af2f6e0 av-link-btn avia-icon_select-no avia-size-small avia-position-left avia-font-color-theme-color'   aria-label=\"Profile\"><span class='avia_iconbox_title' >Profile<\/span><\/a><\/div><\/p><\/div><\/div><!--close column table wrapper. Autoclose: 1 --><div class='flex_column_table av-14nsi-31-568457b6950ff38db5bd8485a7e0a6c3 sc-av_one_third av-equal-height-column-flextable'>\n<style type=\"text\/css\" data-created_by=\"avia_inline_auto\" id=\"style-css-av-14nsi-31-568457b6950ff38db5bd8485a7e0a6c3\">\n.flex_column.av-14nsi-31-568457b6950ff38db5bd8485a7e0a6c3{\nborder-radius:0px 0px 0px 0px;\npadding:20px 20px 20px 20px;\nbackground-color:#ffffff;\n}\n<\/style>\n<div  class='flex_column av-14nsi-31-568457b6950ff38db5bd8485a7e0a6c3 av_one_third  avia-builder-el-36  el_after_av_one_third  el_before_av_one_third  first no_margin flex_column_table_cell av-equal-height-column av-align-top  column-top-margin'     ><p>\n<style type=\"text\/css\" data-created_by=\"avia_inline_auto\" id=\"style-css-av-kf3odvza-30-e1460cd54303c47181fc4928b18f2411\">\n.avia-image-container.av-kf3odvza-30-e1460cd54303c47181fc4928b18f2411 img.avia_image{\nbox-shadow:none;\n}\n.avia-image-container.av-kf3odvza-30-e1460cd54303c47181fc4928b18f2411 .av-image-caption-overlay-center{\ncolor:#ffffff;\nfont-size:20px;\n}\n<\/style>\n<div  class='avia-image-container av-kf3odvza-30-e1460cd54303c47181fc4928b18f2411 av-styling-no-styling av-hover-grow av-hide-overflow av-img-linked avia-align-  avia-builder-el-37  el_before_av_hr  avia-builder-el-first'   itemprop=\"image\" itemscope=\"itemscope\" itemtype=\"https:\/\/schema.org\/ImageObject\" ><div class=\"avia-image-container-inner\"><div class=\"avia-image-overlay-wrap\"><img decoding=\"async\" fetchpriority=\"high\" class='wp-image-3689 avia-img-lazy-loading-not-3689 avia_image' src=\"https:\/\/www.wsk-arbeitsrecht.com\/wp-content\/uploads\/2024\/11\/4cnfd84q.png\" alt='' title='4cnfd84q'  height=\"400\" width=\"700\"  itemprop=\"thumbnailUrl\" srcset=\"https:\/\/www.wsk-arbeitsrecht.com\/wp-content\/uploads\/2024\/11\/4cnfd84q.png 700w, https:\/\/www.wsk-arbeitsrecht.com\/wp-content\/uploads\/2024\/11\/4cnfd84q-300x171.png 300w, https:\/\/www.wsk-arbeitsrecht.com\/wp-content\/uploads\/2024\/11\/4cnfd84q-18x10.png 18w\" sizes=\"(max-width: 700px) 100vw, 700px\" \/><\/div><\/div><\/div><br \/>\n\n<style type=\"text\/css\" data-created_by=\"avia_inline_auto\" id=\"style-css-av-kf5i8vre-27-88f91a8eb965b011415490b3b5d2fb86\">\n#top .hr.hr-invisible.av-kf5i8vre-27-88f91a8eb965b011415490b3b5d2fb86{\nheight:20px;\n}\n<\/style>\n<div  class='hr av-kf5i8vre-27-88f91a8eb965b011415490b3b5d2fb86 hr-invisible  avia-builder-el-38  el_after_av_image  el_before_av_textblock'><span class='hr-inner'><span class=\"hr-inner-style\"><\/span><\/span><\/div><br \/>\n<section  class='av_textblock_section av-kf5j4gz5-28-2202dcf31e25861adb0aad288dd22130'   itemscope=\"itemscope\" itemtype=\"https:\/\/schema.org\/CreativeWork\" ><div class='avia_textblock'  itemprop=\"text\" ><blockquote>\n<h3 class=\"av-special-heading-tag\">Henning Schultze, LL.M. (<strong>\u2020<\/strong>)<\/h3>\n<\/blockquote>\n<div class=\"av-subheading av-subheading_below\">\n<p>Partner \u2013 Rechtsanwalt und Fachanwalt f\u00fcr Arbeitsrecht\u00a0 &#8211; bis 06\/2024<\/p>\n<\/div>\n<div class=\"av-subheading av-subheading_below\"><\/div>\n<\/div><\/section><\/p><\/div>\n<style type=\"text\/css\" data-created_by=\"avia_inline_auto\" id=\"style-css-av-pkn1-9605f4535576ddb32276ba783b7d2f50\">\n.flex_column.av-pkn1-9605f4535576ddb32276ba783b7d2f50{\nborder-radius:0px 0px 0px 0px;\npadding:20px 20px 20px 20px;\nbackground-color:#ffffff;\n}\n<\/style>\n<div  class='flex_column av-pkn1-9605f4535576ddb32276ba783b7d2f50 av_one_third  avia-builder-el-40  el_after_av_one_third  el_before_av_one_third  no_margin flex_column_table_cell av-equal-height-column av-align-top  column-top-margin'     ><section  class='av_textblock_section av-mko4m6lc-7382bcda1a7f23c66879b60024062201'   itemscope=\"itemscope\" itemtype=\"https:\/\/schema.org\/CreativeWork\" ><div class='avia_textblock'  itemprop=\"text\" ><p>Mit tiefem Bedauern und schweren Herzen nehmen wir Abschied von unserem gesch\u00e4tzten Gr\u00fcndungspartner und guten Freund, Henning Schultze. Henning Schultze war nicht nur ein herausragender Rechtsanwalt, sondern zugleich ein Vorbild f\u00fcr alle Kolleginnen und Kollegen unserer Kanzlei, was Integrit\u00e4t und Menschlichkeit bedeutet. Mit seiner klaren Sicht f\u00fcr das Wesentliche sowie seiner Standfestigkeit hat er unsere Kanzlei gepr\u00e4gt und WSK dabei immer auf Kurs gehalten. Im Berufsleben wie privat war Henning Schultze ein gutherziger, humorvoller feiner Mensch.<\/p>\n<p>Das Verm\u00e4chtnis von Henning Schultze lebt in unserer t\u00e4glichen Arbeit weiter. Wir werden ihn in liebevoller Erinnerung behalten und seinen Geist mit jedem Schritt, den wir gehen, ehren.<\/p>\n<p>Ruhe in Frieden lieber Freund!<\/p>\n<\/div><\/section><\/div>\n<style type=\"text\/css\" data-created_by=\"avia_inline_auto\" id=\"style-css-av-ad8ud-28365f35da71a7f80a06108c273da7ea\">\n.flex_column.av-ad8ud-28365f35da71a7f80a06108c273da7ea{\nborder-radius:0px 0px 0px 0px;\npadding:20px 20px 20px 20px;\nbackground-color:#ffffff;\n}\n<\/style>\n<div  class='flex_column av-ad8ud-28365f35da71a7f80a06108c273da7ea av_one_third  avia-builder-el-42  el_after_av_one_third  avia-builder-el-last  no_margin flex_column_table_cell av-equal-height-column av-align-top  column-top-margin'     ><section  class='av_textblock_section av-mko4n8yy-837d7555be895ccfa9fca6916e915174'   itemscope=\"itemscope\" itemtype=\"https:\/\/schema.org\/CreativeWork\" ><div class='avia_textblock'  itemprop=\"text\" ><\/div><\/section><\/div><\/div><!--close column table wrapper. Autoclose: 1 --><\/div><\/div><\/main><!-- close content main element --><\/div><\/div><\/div>\n<style type=\"text\/css\" data-created_by=\"avia_inline_auto\" id=\"style-css-av-1cmv2-3f085d889003b6cba228f02e1cf2a5ca\">\n.avia-section.av-1cmv2-3f085d889003b6cba228f02e1cf2a5ca{\nbackground-repeat:no-repeat;\nbackground-image:url(https:\/\/www.wsk-arbeitsrecht.com\/wp-content\/uploads\/2020\/11\/wsk-arbeitsrecht-konferenz-full-01-1.jpg);\nbackground-position:50% 0%;\nbackground-attachment:fixed;\n}\n.avia-section.av-1cmv2-3f085d889003b6cba228f02e1cf2a5ca .av-section-color-overlay{\nopacity:0.1;\nbackground-color:#ffffff;\n}\n<\/style>\n<div id='av_section_2'  class='avia-section av-1cmv2-3f085d889003b6cba228f02e1cf2a5ca main_color avia-section-large avia-no-border-styling  avia-builder-el-44  el_after_av_section  avia-builder-el-last  avia-full-stretch avia-bg-style-fixed av-section-color-overlay-active container_wrap sidebar_right'  data-section-bg-repeat='stretch'><div class=\"av-section-color-overlay-wrap\"><div class=\"av-section-color-overlay\"><\/div><div class='container av-section-cont-open' ><div class='template-page content  av-content-small alpha units'><div class='post-entry post-entry-type-page post-entry-149'><div class='entry-content-wrapper clearfix'>\n\n<style type=\"text\/css\" data-created_by=\"avia_inline_auto\" id=\"style-css-av-kh2c6nsf-61d02ac1688c7b16817b57bbfbb5a8af\">\n.avia-image-container.av-kh2c6nsf-61d02ac1688c7b16817b57bbfbb5a8af img.avia_image{\nbox-shadow:none;\n}\n.avia-image-container.av-kh2c6nsf-61d02ac1688c7b16817b57bbfbb5a8af .av-image-caption-overlay-center{\ncolor:#ffffff;\n}\n<\/style>\n<div  class='avia-image-container av-kh2c6nsf-61d02ac1688c7b16817b57bbfbb5a8af av-styling- avia-align-center  avia-builder-el-45  avia-builder-el-no-sibling'   itemprop=\"image\" itemscope=\"itemscope\" itemtype=\"https:\/\/schema.org\/ImageObject\" ><div class=\"avia-image-container-inner\"><div class=\"avia-image-overlay-wrap\"><img decoding=\"async\" fetchpriority=\"high\" class='wp-image-2747 avia-img-lazy-loading-not-2747 avia_image' src=\"https:\/\/www.wsk-arbeitsrecht.com\/wp-content\/uploads\/2020\/11\/wolff-schultze-kieferle-icon-wsk-svg-end2020-01-01-1.svg\" alt='' title='wolff-schultze-kieferle-icon-wsk-svg-end2020-01-01'  height=\"80\" width=\"80\"  itemprop=\"thumbnailUrl\" srcset=\"https:\/\/www.wsk-arbeitsrecht.com\/wp-content\/uploads\/\/2020\/11\/wolff-schultze-kieferle-icon-wsk-svg-end2020-01-01-1.svg 80w, https:\/\/www.wsk-arbeitsrecht.com\/wp-content\/uploads\/\/2020\/11\/wolff-schultze-kieferle-icon-wsk-svg-end2020-01-01-1.svg 300w, https:\/\/www.wsk-arbeitsrecht.com\/wp-content\/uploads\/\/2020\/11\/wolff-schultze-kieferle-icon-wsk-svg-end2020-01-01-1.svg 1030w\" sizes=\"(max-width: 80px) 100vw, 80px\" \/><\/div><\/div><\/div>\n<\/div><\/div><\/div><!-- close content main div --><\/div><\/div><\/div><div id='after_section_2'  class='main_color av_default_container_wrap container_wrap sidebar_right'  ><div class='container av-section-cont-open' ><div class='template-page content  av-content-small alpha units'><div class='post-entry post-entry-type-page post-entry-149'><div class='entry-content-wrapper clearfix'><\/p>","protected":false},"excerpt":{"rendered":"","protected":false},"author":1,"featured_media":0,"parent":0,"menu_order":100,"comment_status":"closed","ping_status":"closed","template":"","meta":{"footnotes":""},"class_list":["post-149","page","type-page","status-publish","hentry"],"_links":{"self":[{"href":"https:\/\/www.wsk-arbeitsrecht.com\/en\/wp-json\/wp\/v2\/pages\/149","targetHints":{"allow":["GET"]}}],"collection":[{"href":"https:\/\/www.wsk-arbeitsrecht.com\/en\/wp-json\/wp\/v2\/pages"}],"about":[{"href":"https:\/\/www.wsk-arbeitsrecht.com\/en\/wp-json\/wp\/v2\/types\/page"}],"author":[{"embeddable":true,"href":"https:\/\/www.wsk-arbeitsrecht.com\/en\/wp-json\/wp\/v2\/users\/1"}],"replies":[{"embeddable":true,"href":"https:\/\/www.wsk-arbeitsrecht.com\/en\/wp-json\/wp\/v2\/comments?post=149"}],"version-history":[{"count":141,"href":"https:\/\/www.wsk-arbeitsrecht.com\/en\/wp-json\/wp\/v2\/pages\/149\/revisions"}],"predecessor-version":[{"id":4032,"href":"https:\/\/www.wsk-arbeitsrecht.com\/en\/wp-json\/wp\/v2\/pages\/149\/revisions\/4032"}],"wp:attachment":[{"href":"https:\/\/www.wsk-arbeitsrecht.com\/en\/wp-json\/wp\/v2\/media?parent=149"}],"curies":[{"name":"wp","href":"https:\/\/api.w.org\/{rel}","templated":true}]}}